{"id":177,"date":"2025-08-16T08:11:20","date_gmt":"2025-08-16T08:11:20","guid":{"rendered":"https:\/\/jimrylie.hu\/blog\/?page_id=177"},"modified":"2025-08-16T21:49:25","modified_gmt":"2025-08-16T21:49:25","slug":"adatvedelmi-iranyelvek","status":"publish","type":"page","link":"https:\/\/jimrylie.hu\/blog\/?page_id=177","title":{"rendered":"Adatkezel\u00e9si t\u00e1j\u00e9koztat\u00f3"},"content":{"rendered":"\n<p class=\"wp-block-paragraph\"><\/p>\n\n\n\n<pre class=\"wp-block-code\"><code>\n<\/code><\/pre>\n\n\n\n<p class=\"wp-block-paragraph\">\u00dcdv\u00f6z\u00f6llek az oldalamon! <\/p>\n\n\n\n<p class=\"wp-block-paragraph\">Fontos sz\u00e1momra, hogy \u00e1tl\u00e1that\u00f3 legyen, hogyan kezelem az adataidat. Az al\u00e1bbiakban megtal\u00e1lod, milyen inform\u00e1ci\u00f3kat gy\u0171jt\u00f6k, hogyan haszn\u00e1lom fel \u0151ket, \u00e9s milyen jogaid vannak ezzel kapcsolatban. <\/p>\n\n\n\n<p class=\"wp-block-paragraph\">1. Ki kezeli az adataidat?<\/p>\n\n\n\n<p class=\"wp-block-paragraph\">Az oldalt mag\u00e1nszem\u00e9lyk\u00e9nt, \u00edr\u00f3k\u00e9nt \u00fczemeltetem: <\/p>\n\n\n\n<p class=\"wp-block-paragraph\">N\u00e9v: [S\u00e1pi Imre ( Jim Rylie )]<\/p>\n\n\n\n<p class=\"wp-block-paragraph\">El\u00e9rhet\u0151s\u00e9g: [hello@jimrylie.hu]<\/p>\n\n\n\n<p class=\"wp-block-paragraph\">Nem v\u00e1llalkoz\u00e1s vagy c\u00e9g, hanem egy\u00e9ni alkot\u00f3i honlap. <\/p>\n\n\n\n<p class=\"wp-block-paragraph\"><\/p>\n\n\n\n<p class=\"wp-block-paragraph\">2. Milyen adatokat gy\u0171jt\u00f6k? <\/p>\n\n\n\n<p class=\"wp-block-paragraph\">Az oldalon k\u00e9tf\u00e9le m\u00f3don ker\u00fclhetnek hozz\u00e1m szem\u00e9lyes adatok: H\u00edrlev\u00e9l-feliratkoz\u00e1skor \u2013 amikor megadod az e-mail c\u00edmedet. Kapcsolatfelv\u00e9telkor \u2013 ha e-mailt \u00edrsz nekem. Az automatikus adatgy\u0171jt\u00e9s minim\u00e1lis, csak a weboldal m\u0171k\u00f6d\u00e9s\u00e9hez sz\u00fcks\u00e9ges cookie-k (pl. nyelv be\u00e1ll\u00edt\u00e1s, alapfunkci\u00f3k). Nem gy\u0171jt\u00f6k \u00e9rz\u00e9keny adatokat (pl. eg\u00e9szs\u00e9g\u00fcgyi, banki adatok).<\/p>\n\n\n\n<p class=\"wp-block-paragraph\">3. Mire haszn\u00e1lom az adatokat? <\/p>\n\n\n\n<p class=\"wp-block-paragraph\">A h\u00edrlevelek kik\u00fcld\u00e9s\u00e9re (pl. k\u00f6nyveim h\u00edrei, esem\u00e9nyek, \u00faj tartalmak). Kapcsolattart\u00e1sra, ha te magad keresel meg. Nem adom tov\u00e1bb harmadik f\u00e9lnek rekl\u00e1m vagy egy\u00e9b c\u00e9lokra.<\/p>\n\n\n\n<p class=\"wp-block-paragraph\">4. Mennyi ideig \u0151rz\u00f6m az adatokat? <\/p>\n\n\n\n<p class=\"wp-block-paragraph\">A h\u00edrlev\u00e9l-feliratkoz\u00e1st addig \u0151rz\u00f6m, am\u00edg le nem iratkozol. Az e-maileket addig, am\u00edg sz\u00fcks\u00e9ges a kommunik\u00e1ci\u00f3hoz.<\/p>\n\n\n\n<p class=\"wp-block-paragraph\">5. Hogyan v\u00e9dem az adataidat? <\/p>\n\n\n\n<p class=\"wp-block-paragraph\">Jelsz\u00f3val v\u00e9dett e-mail postafi\u00f3kot haszn\u00e1lok. Nem osztom meg a hozz\u00e1f\u00e9r\u00e9st m\u00e1sokkal. Csak annyi adatot k\u00e9rek, ami a kapcsolatfelv\u00e9telhez \u00e9s h\u00edrlev\u00e9lk\u00fcld\u00e9shez sz\u00fcks\u00e9ges.<\/p>\n\n\n\n<p class=\"wp-block-paragraph\">6. Milyen jogaid vannak? <\/p>\n\n\n\n<p class=\"wp-block-paragraph\">Jogod van: b\u00e1rmikor leiratkozni a h\u00edrlev\u00e9lr\u0151l (minden lev\u00e9l alj\u00e1n tal\u00e1lhat\u00f3 linkkel), k\u00e9rni, hogy t\u00f6r\u00f6ljem az adataidat, inform\u00e1ci\u00f3t k\u00e9rni arr\u00f3l, hogy milyen adatot t\u00e1rolok r\u00f3lad. Ezeket e-mailben is jelezheted: [hello@jimrylie.hu].<\/p>\n\n\n\n<p class=\"wp-block-paragraph\">7. Kapcsolat <\/p>\n\n\n\n<p class=\"wp-block-paragraph\">Ha b\u00e1rmilyen k\u00e9rd\u00e9sed van az adatkezel\u00e9ssel kapcsolatban, \u00edrj nekem az al\u00e1bbi e-mail c\u00edmre: [hello@jimrylie.hu]<\/p>\n\n\n\n<p class=\"wp-block-paragraph\">8. Jogalap<\/p>\n\n\n\n<p class=\"wp-block-paragraph\">Az adatkezel\u00e9s jogalapja az, hogy te magad adsz hozz\u00e1j\u00e1rul\u00e1st, amikor feliratkozol a h\u00edrlev\u00e9lre (GDPR 6. cikk (1) a)), illetve kapcsolatfelv\u00e9tel eset\u00e9n az, hogy jogos \u00e9rdekb\u0151l v\u00e1laszolni tudjak a megkeres\u00e9sedre (GDPR 6. cikk (1) f)). <\/p>\n\n\n\n<p class=\"wp-block-paragraph\">9. Hozz\u00e1j\u00e1rul\u00e1s visszavon\u00e1sa<\/p>\n\n\n\n<p class=\"wp-block-paragraph\">A hozz\u00e1j\u00e1rul\u00e1sodat b\u00e1rmikor visszavonhatod. Ez semmilyen h\u00e1tr\u00e1nnyal nem j\u00e1r, \u00e9s term\u00e9szetesen nem \u00e9rinti azt, hogy a visszavon\u00e1s el\u0151tti adatkezel\u00e9s teljesen jogszer\u0171 volt. <\/p>\n\n\n\n<p class=\"wp-block-paragraph\">10. Cookie-k<\/p>\n\n\n\n<p class=\"wp-block-paragraph\">Az oldal kiz\u00e1r\u00f3lag a m\u0171k\u00f6d\u00e9shez sz\u00fcks\u00e9ges technikai s\u00fctiket haszn\u00e1lja (p\u00e9ld\u00e1ul nyelvi be\u00e1ll\u00edt\u00e1sokhoz vagy alapfunkci\u00f3khoz). Ezek nem gy\u0171jtenek r\u00f3lad szem\u00e9lyes adatot. <\/p>\n\n\n\n<p class=\"wp-block-paragraph\">11. Adattov\u00e1bb\u00edt\u00e1s <\/p>\n\n\n\n<p class=\"wp-block-paragraph\">Az adataidat nem adom tov\u00e1bb harmadik f\u00e9lnek, \u00e9s nem ker\u00fclnek ki az Eur\u00f3pai Gazdas\u00e1gi T\u00e9rs\u00e9gen k\u00edv\u00fclre.<\/p>\n\n\n\n<p class=\"wp-block-paragraph\">12. Jogorvoslat\/panasz<\/p>\n\n\n\n<p class=\"wp-block-paragraph\">Ha \u00fagy \u00e9rzed, hogy az adataid kezel\u00e9se nem felel meg a szab\u00e1lyoknak, jogod van panasszal fordulni a Nemzeti Adatv\u00e9delmi \u00e9s Inform\u00e1ci\u00f3szabads\u00e1g Hat\u00f3s\u00e1ghoz (NAIH). C\u00edm: 1055 Budapest, Falk Miksa utca 9-11. Web: <a href=\"http:\/\/www.naih.hu\/\" target=\"_blank\" rel=\"noreferrer noopener\">www.naih.hu<\/a> E-mail: ugyfelszolgalat@naih.hu<\/p>\n\n\n\n<p class=\"wp-block-paragraph\"><\/p>\n\n\n\n<p class=\"wp-block-paragraph\"><\/p>\n","protected":false},"excerpt":{"rendered":"<p>\u00dcdv\u00f6z\u00f6llek az oldalamon! Fontos sz\u00e1momra, hogy \u00e1tl\u00e1that\u00f3 legyen, hogyan kezelem az adataidat. Az al\u00e1bbiakban megtal\u00e1lod, milyen inform\u00e1ci\u00f3kat gy\u0171jt\u00f6k, hogyan haszn\u00e1lom fel \u0151ket, \u00e9s milyen jogaid vannak ezzel kapcsolatban. 1. Ki kezeli az adataidat? Az oldalt mag\u00e1nszem\u00e9lyk\u00e9nt, \u00edr\u00f3k\u00e9nt \u00fczemeltetem: N\u00e9v: [S\u00e1pi Imre ( Jim Rylie )] El\u00e9rhet\u0151s\u00e9g: [hello@jimrylie.hu] Nem v\u00e1llalkoz\u00e1s vagy c\u00e9g, hanem egy\u00e9ni alkot\u00f3i honlap. [&hellip;]<\/p>\n","protected":false},"author":1,"featured_media":0,"parent":0,"menu_order":0,"comment_status":"closed","ping_status":"closed","template":"","meta":{"_crdt_document":"","sfsi_plus_gutenberg_text_before_share":"","sfsi_plus_gutenberg_show_text_before_share":"","sfsi_plus_gutenberg_icon_type":"","sfsi_plus_gutenberg_icon_alignemt":"","sfsi_plus_gutenburg_max_per_row":"","footnotes":""},"class_list":["post-177","page","type-page","status-publish","hentry"],"_links":{"self":[{"href":"https:\/\/jimrylie.hu\/blog\/index.php?rest_route=\/wp\/v2\/pages\/177","targetHints":{"allow":["GET"]}}],"collection":[{"href":"https:\/\/jimrylie.hu\/blog\/index.php?rest_route=\/wp\/v2\/pages"}],"about":[{"href":"https:\/\/jimrylie.hu\/blog\/index.php?rest_route=\/wp\/v2\/types\/page"}],"author":[{"embeddable":true,"href":"https:\/\/jimrylie.hu\/blog\/index.php?rest_route=\/wp\/v2\/users\/1"}],"replies":[{"embeddable":true,"href":"https:\/\/jimrylie.hu\/blog\/index.php?rest_route=%2Fwp%2Fv2%2Fcomments&post=177"}],"version-history":[{"count":9,"href":"https:\/\/jimrylie.hu\/blog\/index.php?rest_route=\/wp\/v2\/pages\/177\/revisions"}],"predecessor-version":[{"id":219,"href":"https:\/\/jimrylie.hu\/blog\/index.php?rest_route=\/wp\/v2\/pages\/177\/revisions\/219"}],"wp:attachment":[{"href":"https:\/\/jimrylie.hu\/blog\/index.php?rest_route=%2Fwp%2Fv2%2Fmedia&parent=177"}],"curies":[{"name":"wp","href":"https:\/\/api.w.org\/{rel}","templated":true}]}}